{"id":1345,"date":"2025-03-03T12:30:49","date_gmt":"2025-03-03T11:30:49","guid":{"rendered":"https:\/\/unifust.com\/politica-privacidad\/"},"modified":"2025-04-08T13:12:56","modified_gmt":"2025-04-08T11:12:56","slug":"politica-de-privacitat","status":"publish","type":"page","link":"https:\/\/unifust.com\/ca\/politica-de-privacitat\/","title":{"rendered":"Pol\u00edtica de privacitat"},"content":{"rendered":"\n<p>GRUPERIS, S.L. est\u00e0 especialment sensibilitzada amb la protecci\u00f3 de dades de car\u00e0cter personal dels Usuaris dels serveis del lloc web. Mitjan\u00e7ant la present Pol\u00edtica de Privacitat (d\u2019ara endavant, la Pol\u00edtica), GRUPERIS, S.L. informa els USUARIS d\u2019aquest lloc web dels usos als quals se sotmeten les dades de car\u00e0cter personal que es recullen al lloc web, amb la finalitat que decideixin, lliurement i volunt\u00e0riament, si desitgen facilitar la informaci\u00f3 sol\u00b7licitada. GRUPERIS, S.L. es reserva el dret de modificar aquesta Pol\u00edtica amb l\u2019objectiu d\u2019adaptar-la a novetats legislatives, criteris jurisprudencials, pr\u00e0ctiques del sector o interessos de l\u2019entitat. Qualsevol modificaci\u00f3 ser\u00e0 anunciada amb la deguda antelaci\u00f3, perqu\u00e8 en tingui ple coneixement.<\/p>\n\n\n\n<h2 class=\"wp-block-heading\">Responsable<\/h2>\n\n\n\n<p>El Responsable del Tractament de les dades de car\u00e0cter personal \u00e9s:<br><strong>Identitat:<\/strong> GRUPERIS, S.L. amb <strong>NIF: <\/strong>B62657531, d\u2019ara endavant l\u2019ENTITAT<br><strong>Adre\u00e7a:<\/strong> C\/ PASSEIG DEL COMER\u00c7 141, 08204 \u2013 SABADELL<br><strong>Correu electr\u00f2nic:<\/strong> <a href=\"mailto:unifust@unifust.com\">unifust@unifust.com<\/a><\/p>\n\n\n\n<h2 class=\"wp-block-heading\">Delegat de protecci\u00f3 de dades<\/h2>\n\n\n\n<p>Contacte per correu electr\u00f2nic: <a href=\"mailto:info@aemol.com\">info@aemol.com<\/a><\/p>\n\n\n\n<h2 class=\"wp-block-heading\">Finalitat del tractament<\/h2>\n\n\n\n<p>La recollida i el tractament de les dades personals recollides a trav\u00e9s del formulari de contacte tenen com a finalitat la gesti\u00f3, administraci\u00f3, prestaci\u00f3, ampliaci\u00f3 i millora dels serveis prestats per GRUPERIS, S.L., atenent les sol\u00b7licituds d\u2019informaci\u00f3 i\/o consultes plantejades.<\/p>\n\n\n\n<h2 class=\"wp-block-heading\">Termini de conservaci\u00f3<\/h2>\n\n\n\n<p>Les dades personals proporcionades es conservaran durant el termini necessari per complir amb les obligacions legals, o fins que se sol\u00b7liciti la seva supressi\u00f3 per part de l&#8217;interessat i aquest estigui legitimat per fer-ho.<\/p>\n\n\n\n<h2 class=\"wp-block-heading\">Legitimaci\u00f3<\/h2>\n\n\n\n<p>GRUPERIS, S.L. est\u00e0 legitimat per al tractament de les dades personals en base al consentiment atorgat per l\u2019interessat per a una o diverses finalitats espec\u00edfiques, tal com recull l\u2019article 6.1.a) i 6.1.b) del Reglament General de Protecci\u00f3 de Dades Personals.<\/p>\n\n\n\n<h2 class=\"wp-block-heading\">Destinataris<\/h2>\n\n\n\n<p>A GRUPERIS, S.L. no cedim dades personals a tercers. No seran cedides ni comunicades a altres tercers, excepte en els casos necessaris per al desenvolupament, control i compliment de la\/es finalitat\/s expressada\/es, en els sup\u00f2sits previstos per Llei, aix\u00ed com en els casos espec\u00edfics que s\u2019informin expressament a l\u2019Usuari.<\/p>\n\n\n\n<h2 class=\"wp-block-heading\">Drets dels usuaris<\/h2>\n\n\n\n<p>Quins s\u00f3n els seus drets quan ens facilita les seves dades?<\/p>\n\n\n\n<ul class=\"wp-block-list\">\n<li>Acc\u00e9s: L\u2019interessat t\u00e9 dret a saber quines dades tracta l\u2019ENTITAT sobre ell.<\/li>\n\n\n\n<li>Rectificaci\u00f3: L\u2019interessat t\u00e9 dret a sol\u00b7licitar la rectificaci\u00f3 de les dades inexactes.<\/li>\n\n\n\n<li>Supressi\u00f3: L\u2019interessat t\u00e9 dret a sol\u00b7licitar la supressi\u00f3 de les seves dades quan, entre altres motius, aquestes ja no siguin necess\u00e0ries per a les finalitats per a les quals van ser recollides.<\/li>\n\n\n\n<li>Limitaci\u00f3 del tractament: En determinades circumst\u00e0ncies, l\u2019interessat podr\u00e0 sol\u00b7licitar la limitaci\u00f3 del tractament de les seves dades. En aquest cas, nom\u00e9s es conservaran per a l\u2019exercici o la defensa de reclamacions.<\/li>\n\n\n\n<li>Oposici\u00f3: En determinades circumst\u00e0ncies, l\u2019interessat podr\u00e0 oposar-se al tractament de les seves dades. En aquest cas, l\u2019ENTITAT deixar\u00e0 de tractar-les, excepte per motius leg\u00edtims imperiosos o per a l\u2019exercici o defensa de possibles reclamacions.<\/li>\n\n\n\n<li>Portabilitat de les dades: Aplicable nom\u00e9s a dades automatitzades. Consisteix en transferir les dades des de l\u2019ENTITAT a un nou RESPONSABLE DEL TRACTAMENT (no a l\u2019interessat i a sol\u00b7licitud seva).<\/li>\n<\/ul>\n\n\n\n<p>Pot exercir els seus drets, incl\u00f2s el dret a retirar el consentiment (si ha estat atorgat), enviant un escrit acompanyat del seu DNI a GRUPERIS, S.L., C\/ PASSEIG DEL COMER\u00c7 141, 08204 \u2013 SABADELL, o enviant un correu electr\u00f2nic a: <a href=\"mailto:unifust@unifust.com\">unifust@unifust.com<\/a>.<\/p>\n\n\n\n<p>A m\u00e9s, t\u00e9 dret a presentar una reclamaci\u00f3 davant l\u2019Autoritat de Control en mat\u00e8ria de Protecci\u00f3 de Dades, actualment l\u2019Ag\u00e8ncia Espanyola de Protecci\u00f3 de Dades.<\/p>\n\n\n\n<h2 class=\"wp-block-heading\">Mesures de seguretat<\/h2>\n\n\n\n<p>El responsable del tractament, GRUPERIS, S.L., aplicar\u00e0 les mesures t\u00e8cniques i organitzatives apropiades per garantir un nivell de seguretat adequat al risc.<\/p>\n\n\n\n<h2 class=\"wp-block-heading\">Transfer\u00e8ncies internacionals<\/h2>\n\n\n\n<p>No es realitzen transfer\u00e8ncies internacionals de dades.<\/p>\n\n\n\n<h2 class=\"wp-block-heading\">Perfils i decisions automatitzades<\/h2>\n\n\n\n<p>No s\u2019elaboren perfils ni es prenen decisions automatitzades amb les dades facilitades per l\u2019usuari.<\/p>\n","protected":false},"excerpt":{"rendered":"<p>GRUPERIS, S.L. est\u00e0 especialment sensibilitzada amb la protecci\u00f3 de dades de car\u00e0cter personal dels Usuaris dels serveis del lloc web. Mitjan\u00e7ant la present Pol\u00edtica de Privacitat (d\u2019ara endavant, la Pol\u00edtica), GRUPERIS, S.L. informa els USUARIS d\u2019aquest lloc web dels usos als quals se sotmeten les dades de car\u00e0cter personal que es recullen al lloc web,&#8230;<\/p>\n","protected":false},"author":1,"featured_media":0,"parent":0,"menu_order":0,"comment_status":"closed","ping_status":"open","template":"","meta":{"_kadence_starter_templates_imported_post":false,"_kad_post_transparent":"","_kad_post_title":"","_kad_post_layout":"","_kad_post_sidebar_id":"","_kad_post_content_style":"","_kad_post_vertical_padding":"","_kad_post_feature":"","_kad_post_feature_position":"","_kad_post_header":false,"_kad_post_footer":false,"footnotes":""},"class_list":["post-1345","page","type-page","status-publish","hentry"],"_links":{"self":[{"href":"https:\/\/unifust.com\/ca\/wp-json\/wp\/v2\/pages\/1345","targetHints":{"allow":["GET"]}}],"collection":[{"href":"https:\/\/unifust.com\/ca\/wp-json\/wp\/v2\/pages"}],"about":[{"href":"https:\/\/unifust.com\/ca\/wp-json\/wp\/v2\/types\/page"}],"author":[{"embeddable":true,"href":"https:\/\/unifust.com\/ca\/wp-json\/wp\/v2\/users\/1"}],"replies":[{"embeddable":true,"href":"https:\/\/unifust.com\/ca\/wp-json\/wp\/v2\/comments?post=1345"}],"version-history":[{"count":1,"href":"https:\/\/unifust.com\/ca\/wp-json\/wp\/v2\/pages\/1345\/revisions"}],"predecessor-version":[{"id":1347,"href":"https:\/\/unifust.com\/ca\/wp-json\/wp\/v2\/pages\/1345\/revisions\/1347"}],"wp:attachment":[{"href":"https:\/\/unifust.com\/ca\/wp-json\/wp\/v2\/media?parent=1345"}],"curies":[{"name":"wp","href":"https:\/\/api.w.org\/{rel}","templated":true}]}}